{"id":3325,"date":"2025-12-02T19:48:04","date_gmt":"2025-12-02T18:48:04","guid":{"rendered":"https:\/\/meca-remorque.com\/?post_type=product&#038;p=3325"},"modified":"2025-12-02T19:49:23","modified_gmt":"2025-12-02T18:49:23","slug":"varde-shape-2-air-sort","status":"publish","type":"product","link":"https:\/\/meca-remorque.com\/fr\/produit\/varde-shape-2-air-sort\/","title":{"rendered":"VARDE SHAPE 2 AIR sort"},"content":{"rendered":"<p>Varde Shape er, som navnet tilsier, en vedovn i fin form. Den h\u00f8ye, slanke ovnen passer godt inn i rommet og tar ikke stor plass &#8211; enten den plasseres i hj\u00f8rnet eller langs veggen. B\u00e5de d\u00f8r, topplate, rist, bunn og r\u00f8ykuttak er av st\u00f8pejern i h\u00f8y kvalitet. Brennkammeret er ergonomisk korrekt utformet s\u00e5 det er lett \u00e5 fyre og rengj\u00f8re. Luftreguleringen er elegant plassert under toppen og er lett \u00e5 styre. Det sikrer optimal utnyttelse av veden. Ekstra tilbeh\u00f8r:Toppdeksel i st\u00f8pejern \u00d8 17,5 cm &#8211; benyttes ved bakuttakSlangesett for ekstern lufttilf\u00f8rsel \u00d8 8 cm, lengde 200-250 cm fleksir\u00f8r i aluminium<\/p>","protected":false},"excerpt":{"rendered":"<p>Varde Shape er, som navnet tilsier, en vedovn i fin form. &#8230;les mer<\/p>","protected":false},"featured_media":3406,"comment_status":"open","ping_status":"closed","template":"","meta":[],"product_brand":[],"product_cat":[281,282],"product_tag":[],"class_list":{"0":"post-3325","1":"product","2":"type-product","3":"status-publish","4":"has-post-thumbnail","6":"product_cat-ovn","7":"product_cat-peisovner-og-vedovner","9":"first","10":"instock","11":"shipping-taxable","12":"purchasable","13":"product-type-simple"},"_links":{"self":[{"href":"https:\/\/meca-remorque.com\/fr\/wp-json\/wp\/v2\/product\/3325","targetHints":{"allow":["GET"]}}],"collection":[{"href":"https:\/\/meca-remorque.com\/fr\/wp-json\/wp\/v2\/product"}],"about":[{"href":"https:\/\/meca-remorque.com\/fr\/wp-json\/wp\/v2\/types\/product"}],"replies":[{"embeddable":true,"href":"https:\/\/meca-remorque.com\/fr\/wp-json\/wp\/v2\/comments?post=3325"}],"version-history":[{"count":1,"href":"https:\/\/meca-remorque.com\/fr\/wp-json\/wp\/v2\/product\/3325\/revisions"}],"predecessor-version":[{"id":3407,"href":"https:\/\/meca-remorque.com\/fr\/wp-json\/wp\/v2\/product\/3325\/revisions\/3407"}],"wp:featuredmedia":[{"embeddable":true,"href":"https:\/\/meca-remorque.com\/fr\/wp-json\/wp\/v2\/media\/3406"}],"wp:attachment":[{"href":"https:\/\/meca-remorque.com\/fr\/wp-json\/wp\/v2\/media?parent=3325"}],"wp:term":[{"taxonomy":"product_brand","embeddable":true,"href":"https:\/\/meca-remorque.com\/fr\/wp-json\/wp\/v2\/product_brand?post=3325"},{"taxonomy":"product_cat","embeddable":true,"href":"https:\/\/meca-remorque.com\/fr\/wp-json\/wp\/v2\/product_cat?post=3325"},{"taxonomy":"product_tag","embeddable":true,"href":"https:\/\/meca-remorque.com\/fr\/wp-json\/wp\/v2\/product_tag?post=3325"}],"curies":[{"name":"wp","href":"https:\/\/api.w.org\/{rel}","templated":true}]}}